{"id":2364,"date":"2016-10-10T13:23:38","date_gmt":"2016-10-10T11:23:38","guid":{"rendered":"http:\/\/www.husumer-schachverein.de\/?page_id=2364"},"modified":"2017-10-25T23:09:06","modified_gmt":"2017-10-25T21:09:06","slug":"jahreshauptversammlung-2016","status":"publish","type":"page","link":"https:\/\/www.husumer-schachverein.de\/?page_id=2364","title":{"rendered":"JHV 2016"},"content":{"rendered":"<style type=\"text\/css\">\n\t<!--\n\t\t@page { margin: 2cm }\n\t\tH1 { margin-top: 0cm; margin-bottom: 0cm; text-align: center }\n\t\tH1.western { font-family: \"Tahoma\", sans-serif; font-size: 14pt }\n\t\tH1.cjk { font-family: \"Lucida Sans Unicode\"; font-size: 14pt }\n\t\tH1.ctl { font-family: \"Tahoma\", sans-serif; font-size: 12pt; font-style: italic }\n\t\tP { margin-bottom: 0.21cm }\n\t-->\n\t<\/style>\n<p><span style=\"font-family: Monotype Corsiva,cursive;\"><span style=\"font-size: large;\"><i><b>Husumer Schachverein von 1898 e.V.<\/b><\/i><\/span><\/span><\/p>\n<h1 class=\"western\"><span style=\"font-family: Arial,sans-serif;\">NIEDERSCHRIFT <\/span><\/h1>\n<p align=\"CENTER\"><span style=\"font-family: Arial,sans-serif;\"><span style=\"font-size: large;\"><b>der Jahreshauptversammlung 2016 <\/b><\/span><\/span><\/p>\n<p align=\"CENTER\"><span style=\"font-family: Arial,sans-serif;\">am Dienstag, den 06.09.2016 <\/span><\/p>\n<p align=\"CENTER\"><span style=\"font-family: Arial,sans-serif;\">in der Tagesst\u00e4tte der Arbeiterwohlfahrt in Husum <\/span><\/p>\n<p align=\"CENTER\">\u2026\u2026\u2026\u2026\u2026\u2026\u2026\u2026\u2026\u2026\u2026\u2026\u2026\u2026\u2026\u2026\u2026\u2026\u2026\u2026\u2026\u2026\u2026\u2026\u2026\u2026\u2026\u2026\u2026\u2026\u2026\u2026<span style=\"font-family: Arial,sans-serif;\"><span style=\"font-size: large;\"><i>.<\/i><\/span><\/span><\/p>\n<p><span style=\"font-family: Arial,sans-serif;\"><b>Anlage: <\/b><\/span><\/p>\n<p><span style=\"font-family: Arial,sans-serif;\">Anwesenheitsliste<\/span><\/p>\n<p><span style=\"font-family: Arial,sans-serif;\"><b>Beginn: <\/b><\/span><span style=\"font-family: Arial,sans-serif;\">19.48 Uhr<\/span><\/p>\n<p><span style=\"font-family: Arial,sans-serif;\"><b>Ende:<\/b><\/span><span style=\"font-family: Arial,sans-serif;\"> 22.09 Uhr<\/span><b> <\/b><\/p>\n<p><span style=\"font-family: Arial,sans-serif;\"><b>TOP 1 Begr\u00fc\u00dfung<\/b><\/span><\/p>\n<p><span style=\"font-family: Arial,sans-serif;\">Der Vorsitzende Klaus Seeck begr\u00fc\u00dft die Anwesenden und stellt die Beschlussf\u00e4higkeit der Versammlung fest (anwesende Mitglieder: 17). <\/span><\/p>\n<p><span style=\"font-family: Arial,sans-serif;\">Das neue Mitglied Dr. Holger Ohst wird vorgestellt. <\/span><\/p>\n<p><span style=\"font-family: Arial,sans-serif;\"><b>TOP 2 Siegerehrungen <\/b><\/span><\/p>\n<p><span style=\"font-family: Arial,sans-serif;\">Folgende Vereinsmitglieder werden aufgrund der abgelaufenen Saison 2015\/16 <\/span><\/p>\n<p><span style=\"font-family: Arial,sans-serif;\">geehrt: <\/span><\/p>\n<p><span style=\"font-family: Arial,sans-serif;\"><u>Stadtmeisterschaft: <\/u><\/span><\/p>\n<p><span style=\"font-family: Arial,sans-serif;\">1. Thomas Lehr 2. Tomas Renken 3. Klaus Seeck<\/span><\/p>\n<p><span style=\"font-family: Arial,sans-serif;\"><u>Vereinsmeisterschaft: <\/u><\/span><\/p>\n<p><span style=\"font-family: Arial,sans-serif;\">1. Wadim Sautner 2. Heiko Thomsen 3. Kurt P\u00f6ppel <\/span><\/p>\n<p><span style=\"font-family: Arial,sans-serif;\"><u>B\u00fcrgermeisterpokal: <\/u><\/span><\/p>\n<p><span style=\"font-family: Arial,sans-serif;\">1. Kenneth Nahnsen 2. Gerhard Meiwald <\/span><\/p>\n<p><span style=\"font-family: Arial,sans-serif;\"><u>Schnellschach: <\/u><\/span><\/p>\n<p><span style=\"font-family: Arial,sans-serif;\">1. Thomas Lehr 2. Gerhard Meiwald 3. Uwe Jacobsen <\/span><\/p>\n<p><span style=\"font-family: Arial,sans-serif;\"><u>Blitzschach:<\/u><\/span><\/p>\n<p><span style=\"font-family: Arial,sans-serif;\">1. Klaus Seeck 2. Gerhard Meiwald 3. Ulrich Weber <\/span><\/p>\n<p><span style=\"font-family: Arial,sans-serif;\">Pokale und Urkunden werden an Sieger und N\u00e4chstplatzierte \u00fcberreicht. <\/span><\/p>\n<p><span style=\"font-family: Arial,sans-serif;\">Der Vorsitzende dankte Friedrich Clasen f\u00fcr Gestaltung und Druck der Urkunden.<\/span><\/p>\n<p><span style=\"font-family: Arial,sans-serif;\"><b>TOP 3 Rechenschaftsberichte der Vorstandsmitglieder <\/b><\/span><\/p>\n<p><span style=\"font-family: Arial,sans-serif;\"><u>1. Vorsitzender: Klaus Seeck <\/u><\/span><\/p>\n<p><span style=\"font-family: Arial,sans-serif;\">Die Gravuren der Vereinspokale wurden von Klaus Seeck in Auftrag gegeben und die Kosten von ihm \u00fcbernommen. <\/span><\/p>\n<p><span style=\"font-family: Arial,sans-serif;\">Er dankte Michael Meier f\u00fcr die 10j\u00e4hrige Gesch\u00e4ftsf\u00fchrung des Vereins.<\/span><\/p>\n<p><span style=\"font-family: Arial,sans-serif;\">Er informierte \u00fcber das Ausscheiden von Rolf Behnk, Hubert Butkereit, Ulrich Weber, Kenneth Nahnsen. Als Neuzugang wird Alexander Walther genannt.<\/span><\/p>\n<p><span style=\"font-family: Arial,sans-serif;\"><u>Gesch\u00e4ftsf\u00fchrer \/ Kassenwart : Thomas Lehr <\/u><\/span><\/p>\n<p><span style=\"font-family: Arial,sans-serif;\">Am 01.01.2015 betrug der Kassenbestand 579,34 \u20ac, zum 31.12.2015 waren es 574,31 \u20ac (Defizit 5,03 \u20ac). <\/span><\/p>\n<p><span style=\"font-family: Arial,sans-serif;\">Gesamteinnahmen 2015: 1.676,00 \u20ac, Gesamtausgaben 2015: 1.681,03 \u20ac. <\/span><\/p>\n<p><span style=\"font-family: Arial,sans-serif;\">Es wurden Mitgliedsbeitr\u00e4ge in H\u00f6he von 1.446,00 \u20ac eingenommen. <\/span><\/p>\n<p><span style=\"font-family: Arial,sans-serif;\">Friedrich Clasen hat alle Buchungen und Belege gepr\u00fcft und bescheinigt die Richtigkeit f\u00fcr das abgelaufene Gesch\u00e4ftsjahr 2015 und bis zum 25.07.2016. <\/span><\/p>\n<p><span style=\"font-family: Arial,sans-serif;\">F\u00fcr das Jahr 2016 ist mit einem deutlichen R\u00fcckgang des Kassenbestandes zu rechnen. Der Grund liegt in erfolgten Austritten und den damit zur\u00fcckgehenden Mitgliedsbeitr\u00e4gen.<\/span><\/p>\n<p><span style=\"font-family: Arial,sans-serif;\"><u>Turnierleiter : Uwe Jacobsen <\/u><\/span><\/p>\n<p><span style=\"font-family: Arial,sans-serif;\">In der abgelaufenen Saison sind keine besonderen Vorkommnisse aufgetreten. <\/span><\/p>\n<p><span style=\"font-family: Arial,sans-serif;\">Alle Vereinsturniere wurden ordnungsgem\u00e4\u00df durchgef\u00fchrt. <\/span><\/p>\n<p><span style=\"font-family: Arial,sans-serif;\">Folgende Teilnehmerzahlen: Stadtmeisterschaft 17 T., Vereinsturnier 10 T., B\u00fcrgermeisterpokal 16 T. <\/span><\/p>\n<p><span style=\"font-family: Arial,sans-serif;\">Die Schnellschach- u. Blitzturniere waren mit durchschnittlich 11 Teilnehmern gut besucht. <\/span><\/p>\n<p><span style=\"font-family: Arial,sans-serif;\"><u>Mannschaftsf\u00fchrer I. Mannschaft : Uwe Jacobsen <\/u><\/span><\/p>\n<p><span style=\"font-family: Arial,sans-serif;\">Die Mannschaft erk\u00e4mpfte sich in der Verbandsliga A einen 6. Platz. Hervorzuheben ist die Leistung von Klaus Seeck mit 6,5 Punkten. <\/span><\/p>\n<p><span style=\"font-family: Arial,sans-serif;\"><u>Mannschaftsf\u00fchrer II. Mannschaft: Wadim Sautner <\/u><\/span><\/p>\n<p><span style=\"font-family: Arial,sans-serif;\">Die Mannschaft belegte in der Bezirksliga Nord mit zwei Punkten den letzten Platz. <\/span><\/p>\n<p><span style=\"font-family: Arial,sans-serif;\"><b>TOP 4 Entlastung Vorstand und Kassenwart <\/b><\/span><\/p>\n<p><span style=\"font-family: Arial,sans-serif;\">Die Jahreshauptversammlung beschlie\u00dft einstimmig die Entlastung des Kassenwartes und der \u00fcbrigen Vorstandsmitglieder f\u00fcr das Gesch\u00e4ftsjahr 2015. <\/span><\/p>\n","protected":false},"excerpt":{"rendered":"<p>Husumer Schachverein von 1898 e.V. NIEDERSCHRIFT der Jahreshauptversammlung 2016 am Dienstag, den 06.09.2016 in der Tagesst\u00e4tte der Arbeiterwohlfahrt in Husum \u2026\u2026\u2026\u2026\u2026\u2026\u2026\u2026\u2026\u2026\u2026\u2026\u2026\u2026\u2026\u2026\u2026\u2026\u2026\u2026\u2026\u2026\u2026\u2026\u2026\u2026\u2026\u2026\u2026\u2026\u2026\u2026. Anlage: Anwesenheitsliste Beginn: 19.48 Uhr Ende: 22.09 Uhr TOP 1 Begr\u00fc\u00dfung Der Vorsitzende Klaus Seeck begr\u00fc\u00dft die Anwesenden und &hellip; <a href=\"https:\/\/www.husumer-schachverein.de\/?page_id=2364\">Weiterlesen <span class=\"meta-nav\">&rarr;<\/span><\/a><\/p>\n","protected":false},"author":6,"featured_media":0,"parent":2932,"menu_order":1,"comment_status":"closed","ping_status":"closed","template":"onecolumn-page.php","meta":{"footnotes":""},"class_list":["post-2364","page","type-page","status-publish","hentry"],"_links":{"self":[{"href":"https:\/\/www.husumer-schachverein.de\/index.php?rest_route=\/wp\/v2\/pages\/2364","targetHints":{"allow":["GET"]}}],"collection":[{"href":"https:\/\/www.husumer-schachverein.de\/index.php?rest_route=\/wp\/v2\/pages"}],"about":[{"href":"https:\/\/www.husumer-schachverein.de\/index.php?rest_route=\/wp\/v2\/types\/page"}],"author":[{"embeddable":true,"href":"https:\/\/www.husumer-schachverein.de\/index.php?rest_route=\/wp\/v2\/users\/6"}],"replies":[{"embeddable":true,"href":"https:\/\/www.husumer-schachverein.de\/index.php?rest_route=%2Fwp%2Fv2%2Fcomments&post=2364"}],"version-history":[{"count":2,"href":"https:\/\/www.husumer-schachverein.de\/index.php?rest_route=\/wp\/v2\/pages\/2364\/revisions"}],"predecessor-version":[{"id":2927,"href":"https:\/\/www.husumer-schachverein.de\/index.php?rest_route=\/wp\/v2\/pages\/2364\/revisions\/2927"}],"up":[{"embeddable":true,"href":"https:\/\/www.husumer-schachverein.de\/index.php?rest_route=\/wp\/v2\/pages\/2932"}],"wp:attachment":[{"href":"https:\/\/www.husumer-schachverein.de\/index.php?rest_route=%2Fwp%2Fv2%2Fmedia&parent=2364"}],"curies":[{"name":"wp","href":"https:\/\/api.w.org\/{rel}","templated":true}]}}